{"id":81,"date":"2017-04-14T18:22:13","date_gmt":"2017-04-14T18:22:13","guid":{"rendered":"http:\/\/www.skulpturenprojekt-hardt.de\/?page_id=81"},"modified":"2022-06-07T09:22:05","modified_gmt":"2022-06-07T09:22:05","slug":"kuenstler","status":"publish","type":"page","link":"https:\/\/www.skulpturenprojekt-hardt.de\/?page_id=81","title":{"rendered":"K\u00fcnstler*innen"},"content":{"rendered":"<div id=\"pl-81\"  class=\"panel-layout\" >\n<div id=\"pg-81-0\"  class=\"panel-grid panel-no-style\"  data-style=\"{&quot;background_display&quot;:&quot;tile&quot;}\" >\n<div id=\"pgc-81-0-0\"  class=\"panel-grid-cell\"  data-weight=\"1\" >\n<div id=\"panel-81-0-0-0\" class=\"so-panel widget widget_sow-editor panel-first-child\" data-index=\"0\" data-style=\"{&quot;background_image_attachment&quot;:false,&quot;background_display&quot;:&quot;tile&quot;}\" >\n<div class=\"so-widget-sow-editor so-widget-sow-editor-base\">\n<div class=\"siteorigin-widget-tinymce textwidget\">\n<p>Teilnehmerliste K\u00fcnstlerinnen und K\u00fcnstler 2022<\/p>\n<p><a href=\"https:\/\/cargocollective.com\/maikedenker\">Maiker Denker<\/a><br \/>\n<a href=\"https:\/\/ahudural.com\/\">Ahu Dural<\/a><br \/>\n<a href=\"https:\/\/jochendamian.de\/\">Jochen Damian Fischer <\/a><br \/>\n<a href=\"http:\/\/wolfgangflad.de\/\">Wolfgang Flad<\/a><br \/>\nBernd Kastner<br \/>\n<a href=\"https:\/\/www.renateloebbecke.de\/\">Renate L\u00f6bbecke<\/a><br \/>\n<a href=\"https:\/\/www.katharinamaderthaner.com\">Katharina Maderthaner<\/a><br \/>\n<a href=\"http:\/\/aussenwelt.net\/\">Dorothea Nold<\/a><br \/>\n<a href=\"https:\/\/thomasrentmeister.de\/de\/\">Thomas Rentmeister<\/a><br \/>\n<a href=\"https:\/\/davidsemper.com\/\">David Semper<\/a><br \/>\n<a href=\"https:\/\/johannesspecks.de\/\">Johannes Specks<\/a><\/p>\n<\/div>\n<\/div>\n<\/div>\n<div id=\"panel-81-0-0-1\" class=\"so-panel widget widget_sow-editor\" data-index=\"1\" data-style=\"{&quot;background_image_attachment&quot;:false,&quot;background_display&quot;:&quot;tile&quot;}\" >\n<div class=\"so-widget-sow-editor so-widget-sow-editor-base\">\n<div class=\"siteorigin-widget-tinymce textwidget\">\n<p>Teilnehmerliste K\u00fcnstlerinnen und K\u00fcnstler 2020<\/p>\n<p><a href=\"https:\/\/www.johanna-k-becker.de\/\">Johanna K Becker<\/a><br \/>\n<a href=\"http:\/\/www.christiangode.de\/\">Christian Gode<\/a><br \/>\n<a href=\"http:\/\/www.cbgoldbach.de\/\">Clemens Botho Goldbach<\/a><br \/>\n<a href=\"https:\/\/justyna-janetzek.de\/news\/\">Justyna Janetzek<\/a><br \/>\n<a href=\"http:\/\/www.valeriekrause.de\/\">Valerie Krause<\/a><br \/>\nAnastasia Pusch<br \/>\n<a href=\"https:\/\/mirasasse.com\/\">Mira Sasse<\/a><br \/>\n<a href=\"https:\/\/martenschech.tumblr.com\/\">Marten Schech<\/a><br \/>\n<a href=\"http:\/\/katjatoennissen.de\/\">Katja T\u00f6nnissen<\/a><br \/>\n<a href=\"http:\/\/www.nartur.com\/\">Nartur Kunstgruppe<\/a> :<br \/>\n<a href=\"https:\/\/www.moritzneuhoff.de\/\">Moritz Neuhoff<\/a><br \/>\n<a href=\"https:\/\/henningbischof.blogspot.com\/\">Henning Bischof<\/a><br \/>\n<a href=\"http:\/\/www.xn--nilsleimkhler-4ob.de\">Nils Leimk\u00fchler<\/a><br \/>\nStefan Wiesnau<\/p>\n<\/div>\n<\/div>\n<\/div>\n<div id=\"panel-81-0-0-2\" class=\"so-panel widget widget_sow-editor\" data-index=\"2\" data-style=\"{&quot;background_image_attachment&quot;:false,&quot;background_display&quot;:&quot;tile&quot;}\" >\n<div class=\"so-widget-sow-editor so-widget-sow-editor-base\">\n<div class=\"siteorigin-widget-tinymce textwidget\">\n<p>Teilnehmerliste K\u00fcnstlerinnen und K\u00fcnstler 2018<\/p>\n<p><a href=\"http:\/\/www.jaana-caspary.de\" target=\"_blank\" rel=\"noopener\">Jaana Caspary<\/a><br \/>\n<a href=\"http:\/\/www.birdylove3000.tumblr.com\/\" target=\"_blank\" rel=\"noopener\">Bert Didillion<\/a><br \/>\n<a href=\"http:\/\/www.jonashohnke.com\" target=\"_blank\" rel=\"noopener\">Jonas Hohnke<\/a><br \/>\n<a href=\"http:\/\/www.georg-janthur.de\" target=\"_blank\" rel=\"noopener\">Georg Jahnthur<\/a><br \/>\n<a href=\"http:\/\/www.till-martin-koester.de\" target=\"_blank\" rel=\"noopener\">Till-Martin K\u00f6ster<\/a><br \/>\n<a href=\"http:\/\/www.gereonkrebber.net\" target=\"_blank\" rel=\"noopener\">Gereon Krebber<\/a><br \/>\n<a href=\"http:\/\/www.anne-kroenker.com\" target=\"_blank\" rel=\"noopener\">Anne Kr\u00f6nker<\/a><br \/>\n<a href=\"http:\/\/www.evangelospapadopoulos.eu\" target=\"_blank\" rel=\"noopener\">Evangelos Papadopoulos<\/a><br \/>\n<a href=\"http:\/\/www.lydiapeter.de\" target=\"_blank\" rel=\"noopener\">Lydia Peter<\/a><br \/>\n<a href=\"http:\/\/www.tobiasprzybilla.de\" target=\"_blank\" rel=\"noopener\">Tobias Przybilla<\/a><br \/>\n<a href=\"http:\/\/www.matthias-recht.com\" target=\"_blank\" rel=\"noopener\">Matthias Recht<\/a><br \/>\n<a href=\"http:\/\/www.maartenvanroy.com\" target=\"_blank\" rel=\"noopener\">Maarten van Roy<\/a><br \/>\n<a href=\"http:\/\/www.charlotteperrin.com\" target=\"_blank\" rel=\"noopener\">Charlotte Perrin<\/a><br \/>\n<a href=\"http:\/\/www.philippaschoene.de\" target=\"_blank\" rel=\"noopener\">Philippa Sch\u00f6ne<\/a><br \/>\n<a href=\"http:\/\/www.selectedinvestigations.net\" target=\"_blank\" rel=\"noopener\">Gloria Maso<\/a><br \/>\nHanna Kier<\/p>\n<\/div>\n<\/div>\n<\/div>\n<div id=\"panel-81-0-0-3\" class=\"so-panel widget widget_sow-editor panel-last-child\" data-index=\"3\" data-style=\"{&quot;background_image_attachment&quot;:false,&quot;background_display&quot;:&quot;tile&quot;}\" >\n<div class=\"so-widget-sow-editor so-widget-sow-editor-base\">\n<div class=\"siteorigin-widget-tinymce textwidget\">\n<p>Teilnehmerliste K\u00fcnstlerinnen und K\u00fcnstler 2017<\/p>\n<p>Oswald Gibiec-Oberhoff<br \/>\nFelix Baltzer<br \/>\nBodo Berheide<br \/>\n<a href=\"http:\/\/jaana.kaluza.dk\/\" target=\"_blank\" rel=\"noopener\">Jaana Caspary<\/a><br \/>\n<a href=\"https:\/\/www.petercaspary.de\/\" target=\"_blank\" rel=\"noopener\">Peter Caspary<\/a><br \/>\n<a href=\"http:\/\/www.georg-janthur.de\/\" target=\"_blank\" rel=\"noopener\">Georg Janthur<\/a><br \/>\n<a href=\"http:\/\/bartek.juretko.net\/\" target=\"_blank\" rel=\"noopener\">Bartek Juretko<\/a><br \/>\n<a href=\"http:\/\/www.giselakettner.de\/\" target=\"_blank\" rel=\"noopener\">Gisela Kettner<\/a><br \/>\n<a href=\"http:\/\/www.peter-klassen.de\/\" target=\"_blank\" rel=\"noopener\">Peter Klassen<\/a><br \/>\nHubertus Knopff<br \/>\n<a href=\"http:\/\/www.lowisch.de\/\" target=\"_blank\" rel=\"noopener\">Eckehard Lowisch<\/a><br \/>\n<a href=\"http:\/\/www.atelier-smida.de\/\" target=\"_blank\" rel=\"noopener\">Martin Smida<\/a><br \/>\n<a href=\"http:\/\/www.stephanmarienfeld.de\" target=\"_blank\" rel=\"noopener\">Stephan Marienfeld<\/a><\/p>\n<\/div>\n<\/div>\n<\/div>\n<\/div>\n<\/div>\n<\/div>\n","protected":false},"excerpt":{"rendered":"<p>Teilnehmerliste K\u00fcnstlerinnen und K\u00fcnstler 2022 Maiker Denker Ahu Dural Jochen Damian Fischer Wolfgang Flad Bernd Kastner Renate L\u00f6bbecke Katharina Maderthaner Dorothea Nold Thomas Rentmeister David Semper Johannes Specks Teilnehmerliste K\u00fcnstlerinnen und K\u00fcnstler 2020 Johanna K Becker Christian Gode Clemens Botho Goldbach Justyna Janetzek Valerie Krause Anastasia Pusch Mira Sasse Marten Schech Katja T\u00f6nnissen Nartur Kunstgruppe &hellip; <\/p>\n<p class=\"link-more\"><a href=\"https:\/\/www.skulpturenprojekt-hardt.de\/?page_id=81\" class=\"more-link\"><span class=\"screen-reader-text\">\u201eK\u00fcnstler*innen\u201c <\/span>weiterlesen<\/a><\/p>\n","protected":false},"author":1,"featured_media":0,"parent":0,"menu_order":0,"comment_status":"closed","ping_status":"closed","template":"","meta":{"footnotes":""},"class_list":["post-81","page","type-page","status-publish","hentry"],"yoast_head":"<!-- This site is optimized with the Yoast SEO plugin v26.6 - https:\/\/yoast.com\/wordpress\/plugins\/seo\/ -->\n<title>K\u00fcnstler*innen - Skulpturenprojekt Hardt Wuppertal<\/title>\n<meta name=\"description\" content=\"Aufstellung der beteiligten K\u00fcnstlerInnen, Verzeichnis des beteiligten, Botanischer Garten Wuppertal\" \/>\n<meta name=\"robots\" content=\"index, follow, max-snippet:-1, max-image-preview:large, max-video-preview:-1\" \/>\n<link rel=\"canonical\" href=\"https:\/\/www.skulpturenprojekt-hardt.de\/?page_id=81\" \/>\n<meta property=\"og:locale\" content=\"de_DE\" \/>\n<meta property=\"og:type\" content=\"article\" \/>\n<meta property=\"og:title\" content=\"K\u00fcnstler*innen - Skulpturenprojekt Hardt Wuppertal\" \/>\n<meta property=\"og:description\" content=\"Aufstellung der beteiligten K\u00fcnstlerInnen, Verzeichnis des beteiligten, Botanischer Garten Wuppertal\" \/>\n<meta property=\"og:url\" content=\"https:\/\/www.skulpturenprojekt-hardt.de\/?page_id=81\" \/>\n<meta property=\"og:site_name\" content=\"Skulpturenprojekt Hardt Wuppertal\" \/>\n<meta property=\"article:modified_time\" content=\"2022-06-07T09:22:05+00:00\" \/>\n<meta name=\"twitter:card\" content=\"summary_large_image\" \/>\n<meta name=\"twitter:label1\" content=\"Gesch\u00e4tzte Lesezeit\" \/>\n\t<meta name=\"twitter:data1\" content=\"1\u00a0Minute\" \/>\n<script type=\"application\/ld+json\" class=\"yoast-schema-graph\">{\"@context\":\"https:\/\/schema.org\",\"@graph\":[{\"@type\":\"WebPage\",\"@id\":\"https:\/\/www.skulpturenprojekt-hardt.de\/?page_id=81\",\"url\":\"https:\/\/www.skulpturenprojekt-hardt.de\/?page_id=81\",\"name\":\"K\u00fcnstler*innen - Skulpturenprojekt Hardt Wuppertal\",\"isPartOf\":{\"@id\":\"https:\/\/www.skulpturenprojekt-hardt.de\/#website\"},\"datePublished\":\"2017-04-14T18:22:13+00:00\",\"dateModified\":\"2022-06-07T09:22:05+00:00\",\"description\":\"Aufstellung der beteiligten K\u00fcnstlerInnen, Verzeichnis des beteiligten, Botanischer Garten Wuppertal\",\"breadcrumb\":{\"@id\":\"https:\/\/www.skulpturenprojekt-hardt.de\/?page_id=81#breadcrumb\"},\"inLanguage\":\"de\",\"potentialAction\":[{\"@type\":\"ReadAction\",\"target\":[\"https:\/\/www.skulpturenprojekt-hardt.de\/?page_id=81\"]}]},{\"@type\":\"BreadcrumbList\",\"@id\":\"https:\/\/www.skulpturenprojekt-hardt.de\/?page_id=81#breadcrumb\",\"itemListElement\":[{\"@type\":\"ListItem\",\"position\":1,\"name\":\"Startseite\",\"item\":\"https:\/\/www.skulpturenprojekt-hardt.de\/\"},{\"@type\":\"ListItem\",\"position\":2,\"name\":\"K\u00fcnstler*innen\"}]},{\"@type\":\"WebSite\",\"@id\":\"https:\/\/www.skulpturenprojekt-hardt.de\/#website\",\"url\":\"https:\/\/www.skulpturenprojekt-hardt.de\/\",\"name\":\"Skulpturenprojekt Hardt Wuppertal\",\"description\":\"im Botanischen Garten in Wuppertal\",\"potentialAction\":[{\"@type\":\"SearchAction\",\"target\":{\"@type\":\"EntryPoint\",\"urlTemplate\":\"https:\/\/www.skulpturenprojekt-hardt.de\/?s={search_term_string}\"},\"query-input\":{\"@type\":\"PropertyValueSpecification\",\"valueRequired\":true,\"valueName\":\"search_term_string\"}}],\"inLanguage\":\"de\"}]}<\/script>\n<!-- \/ Yoast SEO plugin. -->","yoast_head_json":{"title":"K\u00fcnstler*innen - Skulpturenprojekt Hardt Wuppertal","description":"Aufstellung der beteiligten K\u00fcnstlerInnen, Verzeichnis des beteiligten, Botanischer Garten Wuppertal","robots":{"index":"index","follow":"follow","max-snippet":"max-snippet:-1","max-image-preview":"max-image-preview:large","max-video-preview":"max-video-preview:-1"},"canonical":"https:\/\/www.skulpturenprojekt-hardt.de\/?page_id=81","og_locale":"de_DE","og_type":"article","og_title":"K\u00fcnstler*innen - Skulpturenprojekt Hardt Wuppertal","og_description":"Aufstellung der beteiligten K\u00fcnstlerInnen, Verzeichnis des beteiligten, Botanischer Garten Wuppertal","og_url":"https:\/\/www.skulpturenprojekt-hardt.de\/?page_id=81","og_site_name":"Skulpturenprojekt Hardt Wuppertal","article_modified_time":"2022-06-07T09:22:05+00:00","twitter_card":"summary_large_image","twitter_misc":{"Gesch\u00e4tzte Lesezeit":"1\u00a0Minute"},"schema":{"@context":"https:\/\/schema.org","@graph":[{"@type":"WebPage","@id":"https:\/\/www.skulpturenprojekt-hardt.de\/?page_id=81","url":"https:\/\/www.skulpturenprojekt-hardt.de\/?page_id=81","name":"K\u00fcnstler*innen - Skulpturenprojekt Hardt Wuppertal","isPartOf":{"@id":"https:\/\/www.skulpturenprojekt-hardt.de\/#website"},"datePublished":"2017-04-14T18:22:13+00:00","dateModified":"2022-06-07T09:22:05+00:00","description":"Aufstellung der beteiligten K\u00fcnstlerInnen, Verzeichnis des beteiligten, Botanischer Garten Wuppertal","breadcrumb":{"@id":"https:\/\/www.skulpturenprojekt-hardt.de\/?page_id=81#breadcrumb"},"inLanguage":"de","potentialAction":[{"@type":"ReadAction","target":["https:\/\/www.skulpturenprojekt-hardt.de\/?page_id=81"]}]},{"@type":"BreadcrumbList","@id":"https:\/\/www.skulpturenprojekt-hardt.de\/?page_id=81#breadcrumb","itemListElement":[{"@type":"ListItem","position":1,"name":"Startseite","item":"https:\/\/www.skulpturenprojekt-hardt.de\/"},{"@type":"ListItem","position":2,"name":"K\u00fcnstler*innen"}]},{"@type":"WebSite","@id":"https:\/\/www.skulpturenprojekt-hardt.de\/#website","url":"https:\/\/www.skulpturenprojekt-hardt.de\/","name":"Skulpturenprojekt Hardt Wuppertal","description":"im Botanischen Garten in Wuppertal","potentialAction":[{"@type":"SearchAction","target":{"@type":"EntryPoint","urlTemplate":"https:\/\/www.skulpturenprojekt-hardt.de\/?s={search_term_string}"},"query-input":{"@type":"PropertyValueSpecification","valueRequired":true,"valueName":"search_term_string"}}],"inLanguage":"de"}]}},"_links":{"self":[{"href":"https:\/\/www.skulpturenprojekt-hardt.de\/index.php?rest_route=\/wp\/v2\/pages\/81","targetHints":{"allow":["GET"]}}],"collection":[{"href":"https:\/\/www.skulpturenprojekt-hardt.de\/index.php?rest_route=\/wp\/v2\/pages"}],"about":[{"href":"https:\/\/www.skulpturenprojekt-hardt.de\/index.php?rest_route=\/wp\/v2\/types\/page"}],"author":[{"embeddable":true,"href":"https:\/\/www.skulpturenprojekt-hardt.de\/index.php?rest_route=\/wp\/v2\/users\/1"}],"replies":[{"embeddable":true,"href":"https:\/\/www.skulpturenprojekt-hardt.de\/index.php?rest_route=%2Fwp%2Fv2%2Fcomments&post=81"}],"version-history":[{"count":41,"href":"https:\/\/www.skulpturenprojekt-hardt.de\/index.php?rest_route=\/wp\/v2\/pages\/81\/revisions"}],"predecessor-version":[{"id":1019,"href":"https:\/\/www.skulpturenprojekt-hardt.de\/index.php?rest_route=\/wp\/v2\/pages\/81\/revisions\/1019"}],"wp:attachment":[{"href":"https:\/\/www.skulpturenprojekt-hardt.de\/index.php?rest_route=%2Fwp%2Fv2%2Fmedia&parent=81"}],"curies":[{"name":"wp","href":"https:\/\/api.w.org\/{rel}","templated":true}]}}